{"id":897,"date":"2023-11-02T08:37:37","date_gmt":"2023-11-02T08:37:37","guid":{"rendered":"https:\/\/patrick-friedl.de\/wps\/?page_id=897"},"modified":"2025-03-19T15:03:41","modified_gmt":"2025-03-19T15:03:41","slug":"startseite","status":"publish","type":"page","link":"https:\/\/patrick-friedl.de\/wps\/","title":{"rendered":"Home"},"content":{"rendered":"\n<div class=\"wp-block-cover is-light has-custom-content-position is-position-top-center\" style=\"min-height:519px;aspect-ratio:unset;\"><span aria-hidden=\"true\" class=\"wp-block-cover__background has-background-dim-20 has-background-dim\" style=\"background-color:#aea79e\"><\/span><img loading=\"lazy\" decoding=\"async\" width=\"1366\" height=\"768\" class=\"wp-block-cover__image-background wp-image-1337\" alt=\"\" src=\"https:\/\/patrick-friedl.de\/wps\/wp-content\/uploads\/2024\/09\/Unsere-Demokratie-ist-stark-Website-2.png\" data-object-fit=\"cover\" srcset=\"https:\/\/patrick-friedl.de\/wps\/wp-content\/uploads\/2024\/09\/Unsere-Demokratie-ist-stark-Website-2.png 1366w, https:\/\/patrick-friedl.de\/wps\/wp-content\/uploads\/2024\/09\/Unsere-Demokratie-ist-stark-Website-2-300x169.png 300w, https:\/\/patrick-friedl.de\/wps\/wp-content\/uploads\/2024\/09\/Unsere-Demokratie-ist-stark-Website-2-1024x576.png 1024w, https:\/\/patrick-friedl.de\/wps\/wp-content\/uploads\/2024\/09\/Unsere-Demokratie-ist-stark-Website-2-768x432.png 768w\" sizes=\"auto, (max-width: 1366px) 100vw, 1366px\" \/><div class=\"wp-block-cover__inner-container is-layout-flow wp-block-cover-is-layout-flow\">\n<h1 class=\"wp-block-heading has-text-align-center no-link has-white-color has-text-color\"><\/h1>\n<\/div><\/div>\n\n\n\n<div class=\"wp-block-group is-layout-flow wp-block-group-is-layout-flow\">\n<div class=\"wp-block-columns is-layout-flex wp-container-core-columns-is-layout-9d6595d7 wp-block-columns-is-layout-flex\">\n<div class=\"wp-block-column is-layout-flow wp-block-column-is-layout-flow\">\n<h2 class=\"wp-block-heading h1\" id=\"first-content\">Herzlich<br>Willkommen<\/h2>\n\n\n\n<h3 class=\"wp-block-heading h4\">bei Patrick Friedl, MdL<\/h3>\n<\/div>\n\n\n\n<div class=\"wp-block-column is-layout-flow wp-block-column-is-layout-flow\">\n<p>Vielen Dank allen W\u00e4hlerinnen und W\u00e4hlern in W\u00fcrzburg, Gerbrunn, Rottendorf und im gesamten Wahlkreis Unterfranken. Ich freue mich sehr, dass ich die Anliegen und Interessen aus der Region, sowie meine Herzensthemen Naturschutz und Klimaanpassung, Umwelt- und Klimaschutz weitere f\u00fcnf Jahre im Bayerischen Landtag vertreten darf, u.a. als Mitglied im Umweltausschuss. <\/p>\n\n\n\n<p>Sch\u00fctzen wir gemeinsam unsere Lebensgrundlagen!<\/p>\n<\/div>\n<\/div>\n<\/div>\n\n\n<div class=\"has-background latest-posts wp-block-sunflower-latest-posts\">\n        <div class=\"wp-block-group__inner-container\">\n            <h2 class=\"text-center h1\">Aktuelles<\/h2>\n                <div class=\"row\" data-masonry='{\"percentPosition\": true }'><div class=\"col-md-6\">\n<article id=\"post-4889\" class=\"bg-white mb-4 has-shadow post-4889 post type-post status-publish format-standard has-post-thumbnail hentry category-sonstiges\">\n\t<div class=\"\">\n\t\t\t\t\t<div class=\"\">\n\t\t\t\t<a href=\"https:\/\/patrick-friedl.de\/wps\/2026\/04\/29\/silke-baksen-und-patrick-friedl-zu-sprecherinnen-der-naturschutzpolitikerinnen-gewaehlt\/\" aria-label=\"Post Thumbnail\" rel=\"bookmark\">\n\t\t\t\t\t\t\t\t<img loading=\"lazy\" decoding=\"async\" width=\"768\" height=\"432\" src=\"https:\/\/patrick-friedl.de\/wps\/wp-content\/uploads\/2026\/04\/Silke-Baksen-und-Patrick-Friedl-768x432.jpg\" class=\"post-thumbnail wp-post-image\" alt=\"Silke Baksen und Patrick Friedl zu Sprecher*innen der Naturschutzpolitiker*innen gew\u00e4hlt\" \/>\n\n\t\t\t\t\t\t\t<\/a>\n\t\t\t<\/div>\n\t\t\t\t\t<div class=\"p-45\">\n\t\t\t<header class=\"entry-header mb-2\">\n\t\t\t\t\t\t\t\t<h2 class=\"card-title h4 mb-3\"><a href=\"https:\/\/patrick-friedl.de\/wps\/2026\/04\/29\/silke-baksen-und-patrick-friedl-zu-sprecherinnen-der-naturschutzpolitikerinnen-gewaehlt\/\" rel=\"bookmark\">Silke Baksen und Patrick Friedl zu Sprecher*innen der Naturschutzpolitiker*innen gew\u00e4hlt<\/a><\/h2>\t\t\t\t\t<div class=\"entry-meta mb-3\">\n\t\t\t\t\t\t<span class=\"posted-on\"><time class=\"entry-date published\" datetime=\"2026-04-29T17:09:12+01:00\">29 April 2026<\/time><time class=\"updated\" datetime=\"2026-04-29T17:30:13+01:00\">29 April 2026<\/time><\/span>\t\t\t\t\t<\/div><!-- .entry-meta -->\n\t\t\t\t\t\t\t\t<\/header><!-- .entry-header -->\n\n\t\t\t<div class=\"entry-content\">\n\t\t\t\t<a href=\"https:\/\/patrick-friedl.de\/wps\/2026\/04\/29\/silke-baksen-und-patrick-friedl-zu-sprecherinnen-der-naturschutzpolitikerinnen-gewaehlt\/\" rel=\"bookmark\">\n\t\t\t\t<p>Nach dem j\u00fcngsten Ausscheiden von MdL Markus R\u00f6sler, Naturschutzpolitiker, aus dem Baden-W\u00fcrttembergischen Landtag, Stand die Neuwahl im Arbeitskreis der Naturschutzpolitiker*innen in den deutschen Landtagen an. Zusammen mit MdL Silke Baksen, [&hellip;]<\/p>\n\t\t\t\t<\/a>\n\t\t\t<\/div><!-- .entry-content -->\n\n\t\t\t<footer class=\"entry-footer\">\n\t\t\t\t\t\t\t<div class=\"d-flex mt-2 mb-2\">\n\t\t\t\t\t\t\t\t<div>\n\t\t<span class=\"cat-links small\"><a href=\"https:\/\/patrick-friedl.de\/wps\/category\/sonstiges\/\" rel=\"category tag\">Sonstiges<\/a><\/span>\n\t\t\t\t<\/div>\n\t\t\t<\/div>\n\t\t\n\t\t\t\t<div class=\"d-flex flex-row-reverse\">\n\t\t\t\t\t<a href=\"https:\/\/patrick-friedl.de\/wps\/2026\/04\/29\/silke-baksen-und-patrick-friedl-zu-sprecherinnen-der-naturschutzpolitikerinnen-gewaehlt\/\" rel=\"bookmark\" class=\"continue-reading\">\n\t\t\t\t\tweiterlesen\t\t\t\t<\/a>\n\t\t\t\t<\/div>\n\t\t\t<\/footer><!-- .entry-footer -->\n\t\t<\/div>\n\t<\/div>\n<\/article><!-- #post-4889 -->\n<\/div><div class=\"col-md-6\">\n<article id=\"post-4883\" class=\"bg-white mb-4 has-shadow post-4883 post type-post status-publish format-standard has-post-thumbnail hentry category-landtag category-pressemitteilungen-weitere-themen category-weitere-themen\">\n\t<div class=\"\">\n\t\t\t\t\t<div class=\"\">\n\t\t\t\t<a href=\"https:\/\/patrick-friedl.de\/wps\/2026\/04\/29\/erfolg-fuer-den-schutz-von-frauen-gruener-antrag-im-landtag-angenommen\/\" aria-label=\"Post Thumbnail\" rel=\"bookmark\">\n\t\t\t\t\t\t\t\t<img loading=\"lazy\" decoding=\"async\" width=\"768\" height=\"432\" src=\"https:\/\/patrick-friedl.de\/wps\/wp-content\/uploads\/2026\/04\/Erfolg-fuer-den-Schutz-von-Frauen-Gruener-Antrag-im-Landtag-angenommen-768x432.png\" class=\"post-thumbnail wp-post-image\" alt=\"Erfolg f\u00fcr den Schutz von Frauen \u2013 Gr\u00fcner Antrag im Landtag angenommen\" \/>\n\n\t\t\t\t\t\t\t<\/a>\n\t\t\t<\/div>\n\t\t\t\t\t<div class=\"p-45\">\n\t\t\t<header class=\"entry-header mb-2\">\n\t\t\t\t\t\t\t\t<h2 class=\"card-title h4 mb-3\"><a href=\"https:\/\/patrick-friedl.de\/wps\/2026\/04\/29\/erfolg-fuer-den-schutz-von-frauen-gruener-antrag-im-landtag-angenommen\/\" rel=\"bookmark\">Erfolg f\u00fcr den Schutz von Frauen \u2013 Gr\u00fcner Antrag im Landtag angenommen<\/a><\/h2>\t\t\t\t\t<div class=\"entry-meta mb-3\">\n\t\t\t\t\t\t<span class=\"posted-on\"><time class=\"entry-date published\" datetime=\"2026-04-29T10:38:43+01:00\">29 April 2026<\/time><time class=\"updated\" datetime=\"2026-04-29T10:38:44+01:00\">29 April 2026<\/time><\/span>\t\t\t\t\t<\/div><!-- .entry-meta -->\n\t\t\t\t\t\t\t\t<\/header><!-- .entry-header -->\n\n\t\t\t<div class=\"entry-content\">\n\t\t\t\t<a href=\"https:\/\/patrick-friedl.de\/wps\/2026\/04\/29\/erfolg-fuer-den-schutz-von-frauen-gruener-antrag-im-landtag-angenommen\/\" rel=\"bookmark\">\n\t\t\t\t<p>Patrick Friedl: Wir fordern einen Bayerischen Aktionsplang zum Gewaltschutz von Frauen \u201eFrauen brauchen endlich besseren Schutz vor Gewalt \u2013 k\u00f6rperlicher, psychischer und digitaler Gewalt. Aktuelle F\u00e4lle [wie der von Collien [&hellip;]<\/p>\n\t\t\t\t<\/a>\n\t\t\t<\/div><!-- .entry-content -->\n\n\t\t\t<footer class=\"entry-footer\">\n\t\t\t\t\t\t\t<div class=\"d-flex mt-2 mb-2\">\n\t\t\t\t\t\t\t\t<div>\n\t\t<span class=\"cat-links small\"><a href=\"https:\/\/patrick-friedl.de\/wps\/category\/landtag\/\" rel=\"category tag\">Landtag<\/a>, <a href=\"https:\/\/patrick-friedl.de\/wps\/category\/landtag\/weitere-themen\/pressemitteilungen-weitere-themen\/\" rel=\"category tag\">Pressemitteilungen<\/a>, <a href=\"https:\/\/patrick-friedl.de\/wps\/category\/landtag\/weitere-themen\/\" rel=\"category tag\">weitere Themen<\/a><\/span>\n\t\t\t\t<\/div>\n\t\t\t<\/div>\n\t\t\n\t\t\t\t<div class=\"d-flex flex-row-reverse\">\n\t\t\t\t\t<a href=\"https:\/\/patrick-friedl.de\/wps\/2026\/04\/29\/erfolg-fuer-den-schutz-von-frauen-gruener-antrag-im-landtag-angenommen\/\" rel=\"bookmark\" class=\"continue-reading\">\n\t\t\t\t\tweiterlesen\t\t\t\t<\/a>\n\t\t\t\t<\/div>\n\t\t\t<\/footer><!-- .entry-footer -->\n\t\t<\/div>\n\t<\/div>\n<\/article><!-- #post-4883 -->\n<\/div><div class=\"col-md-6\">\n<article id=\"post-4877\" class=\"bg-white mb-4 has-shadow post-4877 post type-post status-publish format-standard has-post-thumbnail hentry category-landtag category-pressemitteilungen-corona\">\n\t<div class=\"\">\n\t\t\t\t\t<div class=\"\">\n\t\t\t\t<a href=\"https:\/\/patrick-friedl.de\/wps\/2026\/04\/28\/klimaanpassung-bleibt-bei-soeder-regierung-abgehaengt\/\" aria-label=\"Post Thumbnail\" rel=\"bookmark\">\n\t\t\t\t\t\t\t\t<img loading=\"lazy\" decoding=\"async\" width=\"768\" height=\"432\" src=\"https:\/\/patrick-friedl.de\/wps\/wp-content\/uploads\/2024\/09\/Unsere-Demokratie-ist-stark-Website-2-768x432.png\" class=\"post-thumbnail wp-post-image\" alt=\"Klimaanpassung bleibt bei S\u00f6der-Regierung abgeh\u00e4ngt\" \/>\n\n\t\t\t\t\t\t\t<\/a>\n\t\t\t<\/div>\n\t\t\t\t\t<div class=\"p-45\">\n\t\t\t<header class=\"entry-header mb-2\">\n\t\t\t\t\t\t\t\t<h2 class=\"card-title h4 mb-3\"><a href=\"https:\/\/patrick-friedl.de\/wps\/2026\/04\/28\/klimaanpassung-bleibt-bei-soeder-regierung-abgehaengt\/\" rel=\"bookmark\">Klimaanpassung bleibt bei S\u00f6der-Regierung abgeh\u00e4ngt<\/a><\/h2>\t\t\t\t\t<div class=\"entry-meta mb-3\">\n\t\t\t\t\t\t<span class=\"posted-on\"><time class=\"entry-date published\" datetime=\"2026-04-28T21:30:07+01:00\">28 April 2026<\/time><time class=\"updated\" datetime=\"2026-04-28T21:32:08+01:00\">28 April 2026<\/time><\/span>\t\t\t\t\t<\/div><!-- .entry-meta -->\n\t\t\t\t\t\t\t\t<\/header><!-- .entry-header -->\n\n\t\t\t<div class=\"entry-content\">\n\t\t\t\t<a href=\"https:\/\/patrick-friedl.de\/wps\/2026\/04\/28\/klimaanpassung-bleibt-bei-soeder-regierung-abgehaengt\/\" rel=\"bookmark\">\n\t\t\t\t<p>MdL Patrick Friedl kritisiert Unterfinanzierung von Ma\u00dfnahmen zur Klimaanpassung L\u00e4ngere Hitzeperioden, D\u00fcrren, Starkregenereignisse, Sturzfluten und \u00dcberschwemmungen &#8211; die Klima\u00fcberhitzung wirkt sich bereits heute massiv auf bayerische Gemeinden aus. Diese wachsenden [&hellip;]<\/p>\n\t\t\t\t<\/a>\n\t\t\t<\/div><!-- .entry-content -->\n\n\t\t\t<footer class=\"entry-footer\">\n\t\t\t\t\t\t\t<div class=\"d-flex mt-2 mb-2\">\n\t\t\t\t\t\t\t\t<div>\n\t\t<span class=\"cat-links small\"><a href=\"https:\/\/patrick-friedl.de\/wps\/category\/landtag\/\" rel=\"category tag\">Landtag<\/a>, <a href=\"https:\/\/patrick-friedl.de\/wps\/category\/landtag\/corona\/pressemitteilungen-corona\/\" rel=\"category tag\">Pressemitteilungen<\/a><\/span>\n\t\t\t\t<\/div>\n\t\t\t<\/div>\n\t\t\n\t\t\t\t<div class=\"d-flex flex-row-reverse\">\n\t\t\t\t\t<a href=\"https:\/\/patrick-friedl.de\/wps\/2026\/04\/28\/klimaanpassung-bleibt-bei-soeder-regierung-abgehaengt\/\" rel=\"bookmark\" class=\"continue-reading\">\n\t\t\t\t\tweiterlesen\t\t\t\t<\/a>\n\t\t\t\t<\/div>\n\t\t\t<\/footer><!-- .entry-footer -->\n\t\t<\/div>\n\t<\/div>\n<\/article><!-- #post-4877 -->\n<\/div><div class=\"col-md-6\">\n<article id=\"post-4605\" class=\"bg-white mb-4 has-shadow post-4605 post type-post status-publish format-standard has-post-thumbnail hentry category-sonstiges\">\n\t<div class=\"\">\n\t\t\t\t\t<div class=\"\">\n\t\t\t\t<a href=\"https:\/\/patrick-friedl.de\/wps\/2026\/03\/25\/celina-und-friedl-laden-zum-gespraech-ein\/\" aria-label=\"Post Thumbnail\" rel=\"bookmark\">\n\t\t\t\t\t\t\t\t<img loading=\"lazy\" decoding=\"async\" width=\"768\" height=\"432\" src=\"https:\/\/patrick-friedl.de\/wps\/wp-content\/uploads\/2026\/03\/Buergersprechstunde-Website-768x432.png\" class=\"post-thumbnail wp-post-image\" alt=\"Celina und Friedl laden zum Gespr\u00e4ch ein\" \/>\n\n\t\t\t\t\t\t\t<\/a>\n\t\t\t<\/div>\n\t\t\t\t\t<div class=\"p-45\">\n\t\t\t<header class=\"entry-header mb-2\">\n\t\t\t\t\t\t\t\t<h2 class=\"card-title h4 mb-3\"><a href=\"https:\/\/patrick-friedl.de\/wps\/2026\/03\/25\/celina-und-friedl-laden-zum-gespraech-ein\/\" rel=\"bookmark\">Celina und Friedl laden zum Gespr\u00e4ch ein<\/a><\/h2>\t\t\t\t\t<div class=\"entry-meta mb-3\">\n\t\t\t\t\t\t<span class=\"posted-on\"><time class=\"entry-date published\" datetime=\"2026-03-25T11:29:00+00:00\">25 M\u00e4rz 2026<\/time><time class=\"updated\" datetime=\"2026-03-25T11:29:01+00:00\">25 M\u00e4rz 2026<\/time><\/span>\t\t\t\t\t<\/div><!-- .entry-meta -->\n\t\t\t\t\t\t\t\t<\/header><!-- .entry-header -->\n\n\t\t\t<div class=\"entry-content\">\n\t\t\t\t<a href=\"https:\/\/patrick-friedl.de\/wps\/2026\/03\/25\/celina-und-friedl-laden-zum-gespraech-ein\/\" rel=\"bookmark\">\n\t\t\t\t<p>Die \u00f6rtlichen Landtagsabgeordneten Kerstin Celina und Patrick Friedl laden wieder zum Gespr\u00e4ch an den QR-Code-Platz in der Eichhornstra\u00dfe in W\u00fcrzburg. Sie stehen am Freitag (27. M\u00e4rz) ab 11 Uhr f\u00fcr [&hellip;]<\/p>\n\t\t\t\t<\/a>\n\t\t\t<\/div><!-- .entry-content -->\n\n\t\t\t<footer class=\"entry-footer\">\n\t\t\t\t\t\t\t<div class=\"d-flex mt-2 mb-2\">\n\t\t\t\t\t\t\t\t<div>\n\t\t<span class=\"cat-links small\"><a href=\"https:\/\/patrick-friedl.de\/wps\/category\/sonstiges\/\" rel=\"category tag\">Sonstiges<\/a><\/span>\n\t\t\t\t<\/div>\n\t\t\t<\/div>\n\t\t\n\t\t\t\t<div class=\"d-flex flex-row-reverse\">\n\t\t\t\t\t<a href=\"https:\/\/patrick-friedl.de\/wps\/2026\/03\/25\/celina-und-friedl-laden-zum-gespraech-ein\/\" rel=\"bookmark\" class=\"continue-reading\">\n\t\t\t\t\tweiterlesen\t\t\t\t<\/a>\n\t\t\t\t<\/div>\n\t\t\t<\/footer><!-- .entry-footer -->\n\t\t<\/div>\n\t<\/div>\n<\/article><!-- #post-4605 -->\n<\/div>\n    <a class=\"text-white no-link d-block bg-primary has-green-550-hover-background-color border-radius\" href=\"https:\/\/patrick-friedl.de\/wps?post_type=post\" rel=\"\">\n        <div class=\"p-45 row\">\n        <span class=\"continue-reading text-white text-center pt-0\">zum Blog-Archiv<\/span>\n        <\/div>\n    <\/a>\n<\/div><\/div><\/div>\n\n\n<div style=\"height:100px\" aria-hidden=\"true\" class=\"wp-block-spacer\"><\/div>\n\n\n<div class=\"has-background latest-posts wp-block-sunflower-latest-posts\">\n        <div class=\"wp-block-group__inner-container\">\n            <h2 class=\"text-center h1\">Meine Positionspapiere<\/h2>\n                <div class=\"row\" data-masonry='{\"percentPosition\": true }'><div class=\"col-md-6\">\n<article id=\"post-787\" class=\"bg-white mb-4 has-shadow post-787 post type-post status-publish format-standard has-post-thumbnail hentry category-positionen category-startseite tag-positionspapier-klimaueberhitzung tag-startseite\">\n\t<div class=\"\">\n\t\t\t\t\t<div class=\"\">\n\t\t\t\t<a href=\"https:\/\/patrick-friedl.de\/wps\/2024\/03\/01\/positionspapier-klimaueberhitzung-folgen-und-anpassung-2\/\" aria-label=\"Post Thumbnail\" rel=\"bookmark\">\n\t\t\t\t\t\t\t\t<img loading=\"lazy\" decoding=\"async\" width=\"768\" height=\"1087\" src=\"https:\/\/patrick-friedl.de\/wps\/wp-content\/uploads\/2023\/08\/2023_08_Positionspapier_Klimaberhitzung-768x1087.png\" class=\"post-thumbnail wp-post-image\" alt=\"Klima\u00fcberhitzung\" \/>\n\n\t\t\t\t\t\t\t<\/a>\n\t\t\t<\/div>\n\t\t\t\t\t<div class=\"p-45\">\n\t\t\t<header class=\"entry-header mb-2\">\n\t\t\t\t\t\t\t\t<h2 class=\"card-title h4 mb-3\"><a href=\"https:\/\/patrick-friedl.de\/wps\/2024\/03\/01\/positionspapier-klimaueberhitzung-folgen-und-anpassung-2\/\" rel=\"bookmark\">Klima\u00fcberhitzung<\/a><\/h2>\t\t\t\t\t<div class=\"entry-meta mb-3\">\n\t\t\t\t\t\t<span class=\"posted-on\"><time class=\"entry-date published\" datetime=\"2024-03-01T14:35:00+00:00\">1 M\u00e4rz 2024<\/time><time class=\"updated\" datetime=\"2025-06-03T11:12:29+01:00\">3 Juni 2025<\/time><\/span>\t\t\t\t\t<\/div><!-- .entry-meta -->\n\t\t\t\t\t\t\t\t<\/header><!-- .entry-header -->\n\n\t\t\t<div class=\"entry-content\">\n\t\t\t\t<a href=\"https:\/\/patrick-friedl.de\/wps\/2024\/03\/01\/positionspapier-klimaueberhitzung-folgen-und-anpassung-2\/\" rel=\"bookmark\">\n\t\t\t\t<p>Im vorliegenden Papier beschreiben wir die Ver\u00e4nderungen unserer klimatischen Bedingungen in der Vergangenheit bis heute und versuchen zugleich, die Zukunft in den Blick zu nehmen. Anschlie\u00dfend widmen wir uns den [&hellip;]<\/p>\n\t\t\t\t<\/a>\n\t\t\t<\/div><!-- .entry-content -->\n\n\t\t\t<footer class=\"entry-footer\">\n\t\t\t\t\t\t\t<div class=\"d-flex mt-2 mb-2\">\n\t\t\t\t\t\t\t\t<div>\n\t\t<span class=\"cat-links small\"><a href=\"https:\/\/patrick-friedl.de\/wps\/category\/positionen\/\" rel=\"category tag\">Positionen<\/a>, <a href=\"https:\/\/patrick-friedl.de\/wps\/category\/startseite\/\" rel=\"category tag\">Startseite<\/a><\/span><br><span class=\"tags-links small\"><a href=\"https:\/\/patrick-friedl.de\/wps\/tag\/positionspapier-klimaueberhitzung\/\" rel=\"tag\">Positionspapier Klima\u00fcberhitzung<\/a>, <a href=\"https:\/\/patrick-friedl.de\/wps\/tag\/startseite\/\" rel=\"tag\">Startseite<\/a><\/span>\n\t\t\t\t<\/div>\n\t\t\t<\/div>\n\t\t\n\t\t\t\t<div class=\"d-flex flex-row-reverse\">\n\t\t\t\t\t<a href=\"https:\/\/patrick-friedl.de\/wps\/2024\/03\/01\/positionspapier-klimaueberhitzung-folgen-und-anpassung-2\/\" rel=\"bookmark\" class=\"continue-reading\">\n\t\t\t\t\tweiterlesen\t\t\t\t<\/a>\n\t\t\t\t<\/div>\n\t\t\t<\/footer><!-- .entry-footer -->\n\t\t<\/div>\n\t<\/div>\n<\/article><!-- #post-787 -->\n<\/div><div class=\"col-md-6\">\n<article id=\"post-442\" class=\"bg-white mb-4 has-shadow post-442 post type-post status-publish format-standard has-post-thumbnail hentry category-positionen category-startseite tag-positionspapier-klimaanpassung tag-startseite\">\n\t<div class=\"\">\n\t\t\t\t\t<div class=\"\">\n\t\t\t\t<a href=\"https:\/\/patrick-friedl.de\/wps\/2022\/09\/30\/strategiepapier-klimaanpassung\/\" aria-label=\"Post Thumbnail\" rel=\"bookmark\">\n\t\t\t\t\t\t\t\t<img loading=\"lazy\" decoding=\"async\" width=\"768\" height=\"1083\" src=\"https:\/\/patrick-friedl.de\/wps\/wp-content\/uploads\/2022\/01\/Strategiepapier_Klimaanpassung-768x1083.png\" class=\"post-thumbnail wp-post-image\" alt=\"Klimaanpassung\" \/>\n\n\t\t\t\t\t\t\t<\/a>\n\t\t\t<\/div>\n\t\t\t\t\t<div class=\"p-45\">\n\t\t\t<header class=\"entry-header mb-2\">\n\t\t\t\t\t\t\t\t<h2 class=\"card-title h4 mb-3\"><a href=\"https:\/\/patrick-friedl.de\/wps\/2022\/09\/30\/strategiepapier-klimaanpassung\/\" rel=\"bookmark\">Klimaanpassung<\/a><\/h2>\t\t\t\t\t<div class=\"entry-meta mb-3\">\n\t\t\t\t\t\t<span class=\"posted-on\"><time class=\"entry-date published\" datetime=\"2022-09-30T13:14:12+01:00\">30 September 2022<\/time><time class=\"updated\" datetime=\"2023-12-11T15:56:30+00:00\">11 Dezember 2023<\/time><\/span>\t\t\t\t\t<\/div><!-- .entry-meta -->\n\t\t\t\t\t\t\t\t<\/header><!-- .entry-header -->\n\n\t\t\t<div class=\"entry-content\">\n\t\t\t\t<a href=\"https:\/\/patrick-friedl.de\/wps\/2022\/09\/30\/strategiepapier-klimaanpassung\/\" rel=\"bookmark\">\n\t\t\t\t<p>Das Klima der Erde ger\u00e4t immer mehr aus dem Gleichgewicht. Die Auswirkungen sp\u00fcren wir schon heute massiv, werden sie aber in den kommenden Jahren noch deutlicher zu sp\u00fcren bekommen. Bisher [&hellip;]<\/p>\n\t\t\t\t<\/a>\n\t\t\t<\/div><!-- .entry-content -->\n\n\t\t\t<footer class=\"entry-footer\">\n\t\t\t\t\t\t\t<div class=\"d-flex mt-2 mb-2\">\n\t\t\t\t\t\t\t\t<div>\n\t\t<span class=\"cat-links small\"><a href=\"https:\/\/patrick-friedl.de\/wps\/category\/positionen\/\" rel=\"category tag\">Positionen<\/a>, <a href=\"https:\/\/patrick-friedl.de\/wps\/category\/startseite\/\" rel=\"category tag\">Startseite<\/a><\/span><br><span class=\"tags-links small\"><a href=\"https:\/\/patrick-friedl.de\/wps\/tag\/positionspapier-klimaanpassung\/\" rel=\"tag\">Positionspapier Klimaanpassung<\/a>, <a href=\"https:\/\/patrick-friedl.de\/wps\/tag\/startseite\/\" rel=\"tag\">Startseite<\/a><\/span>\n\t\t\t\t<\/div>\n\t\t\t<\/div>\n\t\t\n\t\t\t\t<div class=\"d-flex flex-row-reverse\">\n\t\t\t\t\t<a href=\"https:\/\/patrick-friedl.de\/wps\/2022\/09\/30\/strategiepapier-klimaanpassung\/\" rel=\"bookmark\" class=\"continue-reading\">\n\t\t\t\t\tweiterlesen\t\t\t\t<\/a>\n\t\t\t\t<\/div>\n\t\t\t<\/footer><!-- .entry-footer -->\n\t\t<\/div>\n\t<\/div>\n<\/article><!-- #post-442 -->\n<\/div><div class=\"col-md-6\">\n<article id=\"post-444\" class=\"bg-white mb-4 has-shadow post-444 post type-post status-publish format-standard has-post-thumbnail hentry category-positionen category-startseite tag-positionspapier-moor tag-startseite\">\n\t<div class=\"\">\n\t\t\t\t\t<div class=\"\">\n\t\t\t\t<a href=\"https:\/\/patrick-friedl.de\/wps\/2021\/09\/23\/konzept-unser-moor-erhalten-was-uns-erhaelt\/\" aria-label=\"Post Thumbnail\" rel=\"bookmark\">\n\t\t\t\t\t\t\t\t<img loading=\"lazy\" decoding=\"async\" width=\"768\" height=\"1088\" src=\"https:\/\/patrick-friedl.de\/wps\/wp-content\/uploads\/2022\/01\/Konzept_Unser_Moor-768x1088.png\" class=\"post-thumbnail wp-post-image\" alt=\"Unser Moor\" \/>\n\n\t\t\t\t\t\t\t<\/a>\n\t\t\t<\/div>\n\t\t\t\t\t<div class=\"p-45\">\n\t\t\t<header class=\"entry-header mb-2\">\n\t\t\t\t\t\t\t\t<h2 class=\"card-title h4 mb-3\"><a href=\"https:\/\/patrick-friedl.de\/wps\/2021\/09\/23\/konzept-unser-moor-erhalten-was-uns-erhaelt\/\" rel=\"bookmark\">Unser Moor<\/a><\/h2>\t\t\t\t\t<div class=\"entry-meta mb-3\">\n\t\t\t\t\t\t<span class=\"posted-on\"><time class=\"entry-date published\" datetime=\"2021-09-23T13:31:18+01:00\">23 September 2021<\/time><time class=\"updated\" datetime=\"2025-03-19T14:59:00+00:00\">19 M\u00e4rz 2025<\/time><\/span>\t\t\t\t\t<\/div><!-- .entry-meta -->\n\t\t\t\t\t\t\t\t<\/header><!-- .entry-header -->\n\n\t\t\t<div class=\"entry-content\">\n\t\t\t\t<a href=\"https:\/\/patrick-friedl.de\/wps\/2021\/09\/23\/konzept-unser-moor-erhalten-was-uns-erhaelt\/\" rel=\"bookmark\">\n\t\t\t\t<p>Bayern ist ein moorreiches Land. Noch vor 250 Jahren stand die Urbarmachung der Moore im Fokus, allein um landwirtschaftlich nutzbare Fl\u00e4chen zur Ern\u00e4hrung der Bev\u00f6lkerung zu gewinnen. So wurde im [&hellip;]<\/p>\n\t\t\t\t<\/a>\n\t\t\t<\/div><!-- .entry-content -->\n\n\t\t\t<footer class=\"entry-footer\">\n\t\t\t\t\t\t\t<div class=\"d-flex mt-2 mb-2\">\n\t\t\t\t\t\t\t\t<div>\n\t\t<span class=\"cat-links small\"><a href=\"https:\/\/patrick-friedl.de\/wps\/category\/positionen\/\" rel=\"category tag\">Positionen<\/a>, <a href=\"https:\/\/patrick-friedl.de\/wps\/category\/startseite\/\" rel=\"category tag\">Startseite<\/a><\/span><br><span class=\"tags-links small\"><a href=\"https:\/\/patrick-friedl.de\/wps\/tag\/positionspapier-moor\/\" rel=\"tag\">Positionspapier Moor<\/a>, <a href=\"https:\/\/patrick-friedl.de\/wps\/tag\/startseite\/\" rel=\"tag\">Startseite<\/a><\/span>\n\t\t\t\t<\/div>\n\t\t\t<\/div>\n\t\t\n\t\t\t\t<div class=\"d-flex flex-row-reverse\">\n\t\t\t\t\t<a href=\"https:\/\/patrick-friedl.de\/wps\/2021\/09\/23\/konzept-unser-moor-erhalten-was-uns-erhaelt\/\" rel=\"bookmark\" class=\"continue-reading\">\n\t\t\t\t\tweiterlesen\t\t\t\t<\/a>\n\t\t\t\t<\/div>\n\t\t\t<\/footer><!-- .entry-footer -->\n\t\t<\/div>\n\t<\/div>\n<\/article><!-- #post-444 -->\n<\/div><div class=\"col-md-6\">\n<article id=\"post-439\" class=\"bg-white mb-4 has-shadow post-439 post type-post status-publish format-standard has-post-thumbnail hentry category-positionen category-startseite tag-positionspapier-naturschutz tag-startseite\">\n\t<div class=\"\">\n\t\t\t\t\t<div class=\"\">\n\t\t\t\t<a href=\"https:\/\/patrick-friedl.de\/wps\/2021\/07\/31\/konzeptpapier-naturschutz-fuer-den-erhalt-unserer-lebensgrundlagen\/\" aria-label=\"Post Thumbnail\" rel=\"bookmark\">\n\t\t\t\t\t\t\t\t<img loading=\"lazy\" decoding=\"async\" width=\"768\" height=\"1093\" src=\"https:\/\/patrick-friedl.de\/wps\/wp-content\/uploads\/2022\/01\/Konzeptpapier_Naturschutz-768x1093.png\" class=\"post-thumbnail wp-post-image\" alt=\"Naturschutz\" \/>\n\n\t\t\t\t\t\t\t<\/a>\n\t\t\t<\/div>\n\t\t\t\t\t<div class=\"p-45\">\n\t\t\t<header class=\"entry-header mb-2\">\n\t\t\t\t\t\t\t\t<h2 class=\"card-title h4 mb-3\"><a href=\"https:\/\/patrick-friedl.de\/wps\/2021\/07\/31\/konzeptpapier-naturschutz-fuer-den-erhalt-unserer-lebensgrundlagen\/\" rel=\"bookmark\">Naturschutz<\/a><\/h2>\t\t\t\t\t<div class=\"entry-meta mb-3\">\n\t\t\t\t\t\t<span class=\"posted-on\"><time class=\"entry-date published\" datetime=\"2021-07-31T12:28:31+01:00\">31 Juli 2021<\/time><time class=\"updated\" datetime=\"2025-03-19T14:18:15+00:00\">19 M\u00e4rz 2025<\/time><\/span>\t\t\t\t\t<\/div><!-- .entry-meta -->\n\t\t\t\t\t\t\t\t<\/header><!-- .entry-header -->\n\n\t\t\t<div class=\"entry-content\">\n\t\t\t\t<a href=\"https:\/\/patrick-friedl.de\/wps\/2021\/07\/31\/konzeptpapier-naturschutz-fuer-den-erhalt-unserer-lebensgrundlagen\/\" rel=\"bookmark\">\n\t\t\t\t<p>Umwelt- und Naturschutz geh\u00f6ren zu den Kernthemen von B\u00fcndnis 90\/Die Gr\u00fcnen. Wir sind davon \u00fcberzeugt, dass wir nur mit wirksamem Natur-, Umwelt- und Artenschutz dauerhaft unsere Lebensgrundlagen sichern und uns [&hellip;]<\/p>\n\t\t\t\t<\/a>\n\t\t\t<\/div><!-- .entry-content -->\n\n\t\t\t<footer class=\"entry-footer\">\n\t\t\t\t\t\t\t<div class=\"d-flex mt-2 mb-2\">\n\t\t\t\t\t\t\t\t<div>\n\t\t<span class=\"cat-links small\"><a href=\"https:\/\/patrick-friedl.de\/wps\/category\/positionen\/\" rel=\"category tag\">Positionen<\/a>, <a href=\"https:\/\/patrick-friedl.de\/wps\/category\/startseite\/\" rel=\"category tag\">Startseite<\/a><\/span><br><span class=\"tags-links small\"><a href=\"https:\/\/patrick-friedl.de\/wps\/tag\/positionspapier-naturschutz\/\" rel=\"tag\">Positionspapier Naturschutz<\/a>, <a href=\"https:\/\/patrick-friedl.de\/wps\/tag\/startseite\/\" rel=\"tag\">Startseite<\/a><\/span>\n\t\t\t\t<\/div>\n\t\t\t<\/div>\n\t\t\n\t\t\t\t<div class=\"d-flex flex-row-reverse\">\n\t\t\t\t\t<a href=\"https:\/\/patrick-friedl.de\/wps\/2021\/07\/31\/konzeptpapier-naturschutz-fuer-den-erhalt-unserer-lebensgrundlagen\/\" rel=\"bookmark\" class=\"continue-reading\">\n\t\t\t\t\tweiterlesen\t\t\t\t<\/a>\n\t\t\t\t<\/div>\n\t\t\t<\/footer><!-- .entry-footer -->\n\t\t<\/div>\n\t<\/div>\n<\/article><!-- #post-439 -->\n<\/div>\n    <a class=\"text-white no-link d-block bg-primary has-green-550-hover-background-color border-radius\" href=\"https:\/\/patrick-friedl.de\/wps\/category\/startseite\/\" rel=\"\">\n        <div class=\"p-45 row\">\n        <span class=\"continue-reading text-white text-center pt-0\">zum Blog-Archiv<\/span>\n        <\/div>\n    <\/a>\n<\/div><\/div><\/div>\n\n\n<div style=\"height:100px\" aria-hidden=\"true\" class=\"wp-block-spacer\"><\/div>\n\n\n\n<h2 class=\"wp-block-heading has-text-align-center\">Patrick Friedl auf Instagram<\/h2>\n\n\n<style type=\"text\/css\">\n<\/style><div id=\"feed_dynamic_classsefrdbvivo_basic\" class=\"fts-instagram-inline-block-centered feed_dynamic_classsefrdbvivo_basic\" style=\"max-width: 100%; margin:auto\" data-ftsi-columns=\"4\" data-ftsi-columns-tablet=\"2\" data-ftsi-columns-mobile=\"1\" data-ftsi-force-columns=\"\" data-ftsi-margin=\"3px\" data-ftsi-height=\"\">                            <div class=\"slicker-instagram-placeholder fts-instagram-wrapper\" style=\"background-image:url('https:\/\/scontent-fra5-2.cdninstagram.com\/v\/t51.82787-15\/670782743_18374419816164738_4153280389960778069_n.heic?stp=dst-jpg_e35_tt6&#038;_nc_cat=107&#038;ccb=7-5&#038;_nc_sid=18de74&#038;efg=eyJlZmdfdGFnIjoiRkVFRC5iZXN0X2ltYWdlX3VybGdlbi5DMyJ9&#038;_nc_ohc=kKTREFBzoWoQ7kNvwEH2ih4&#038;_nc_oc=AdrCtkfI3S3LtSOk_DZ858S18_WraqSQohFVcEpzb6FBrqfcJF2UbGPI00DOvAv8R9o&#038;_nc_zt=23&#038;_nc_ht=scontent-fra5-2.cdninstagram.com&#038;edm=ANQ71j8EAAAA&#038;_nc_gid=Kqs7HIdbHYANnj8bL0asqA&#038;_nc_tpa=Q5bMBQEPxrkVEYvQXfRC-XZaOtKZRR9ftGTcd6v-32Bh-VX9JqSkiIEjEebXbuNHzRA2Ky8__BSKrMbd&#038;oh=00_Af3c7xp6aHzChb-VLoPMJkEOvL530_zvRg7_UQTYKSJwqw&#038;oe=69F7F41E')\">\n                                            <a href='https:\/\/www.instagram.com\/p\/DXlfFMqip-v\/' title='#Atomkraft #NeinDanke #FreiheitsenergienJetzt\n\nVor 40 Jahren Tschernobyl, vor 15 Jahren Fukushima \u2013 zwei Katastrophen, die uns lehren: Atomkraft ist unberechenbar, gef\u00e4hrlich, t\u00f6dlich. Und was macht Markus S\u00f6der? Dreht seine Meinung um 180 Grad \u2013 obwohl er noch 2021 klar sagte: \u201eAtomkraft ist gef\u00e4hrlich, Erneuerbare sind die L\u00f6sung!\u201c. Unverantwortlich! Gerade jetzt, wo die Welt brennt und wir Unabh\u00e4ngigkeit brauchen, will er uns zur\u00fcck in die fossile Steinzeit der Risikotechnologien f\u00fchren. \u2622\ufe0f\u26a0\ufe0f\n\nDoch die Fakten sind klar: Erneuerbare Energien sind die Zukunft! Dank auch Robert Habeck haben wir in nur drei Jahren den Ausbau der Wind- und Solarenergie verdoppelt. 2025 deckten Erneuerbare Energien bereits \u00fcber fast 55 Prozent unseres Strombedarfs \u2013 Freiheitsenergien, die uns unabh\u00e4ngig machen von Putin, Trump und fossilen Diktaturen. Sie sichern unsere Wirtschaft, unseren Frieden, unsere Zukunft \u2013 vor Ort, in den Regionen und in ganz Europa und das klimaneutral! \ud83c\udf0d\ud83c\udf33\ud83c\udf3b\n\nWir gedenken der Opfer von Tschernobyl und Fukushima. Ihr Leid mahnt uns: Atomkraft ist kein Ausweg, sie ist ein Irrweg. Die L\u00f6sung liegt in der Kraft von Sonne, Wind und Wasser \u2013 sicher, sauber, demokratisch! \ud83c\udf1e\ud83c\udf2c\ud83c\udf0a Wer das ignoriert, handelt vors\u00e4tzlich und gef\u00e4hrdet die Zukunft unserer Kinder &amp; Kindeskinder.\n\n#ErneuerbareStattAtom #EnergiewendeJetzt\n\n@gruenefraktionby' target=\"_blank\" rel=\"noreferrer\" class='fts-instagram-link-target fts-slicker-backg\n                         fts-instagram-img-link' style=\"height:65px !important; width:65px; line-height:65px; font-size:65px;\"><span class=\"fts-instagram-icon\" style=\"height:65px; width:65px; line-height:65px; font-size:65px;\"><\/span><\/a>\n                        \n                        <div class='slicker-date'>\n\n                            <div class=\"fts-insta-date-popup-grab\">\n                            Sonntag, April 26th, 2026 at 8:00a.m.                            <\/div>\n                        <\/div>\n                    <div class='slicker-instaG-backg-link'>\n\n                        <div class='slicker-instaG-photoshadow'><\/div>\n                    <\/div>\n                        <div class=\"fts-insta-likes-comments-grab-popup\">\n\n                            <div class=\"fts-share-wrap\"><a href=\"javascript:;\" class=\"ft-gallery-link-popup\" title=\"Social-Share-Optionen\"><\/a><div class=\"ft-gallery-share-wrap\"><a href=\"https:\/\/www.facebook.com\/sharer\/sharer.php?u=https:\/\/www.instagram.com\/p\/DXlfFMqip-v\/\" target=\"_blank\" rel=\"noreferrer\" class=\"ft-galleryfacebook-icon\" title=\"Share this post on Facebook\"><i class=\"fa fa-facebook-square\"><\/i><\/a><a href=\"https:\/\/twitter.com\/intent\/tweet?text=https:\/\/www.instagram.com\/p\/DXlfFMqip-v\/+#Atomkraft #NeinDanke #FreiheitsenergienJetzt\n\nVor 40 Jahren Tschernobyl, vor 15 Jahren Fukushima \u2013 zwei Katastrophen, die uns lehren: Atomkraft ist unberechenbar, gef\u00e4hrlich, t\u00f6dlich. Und was macht Markus S\u00f6der? Dreht seine Meinung um 180 Grad \u2013 obwohl er noch 2021 klar sagte: \u201eAtomkraft ist gef\u00e4hrlich, Erneuerbare sind die L\u00f6sung!\u201c. Unverantwortlich! Gerade jetzt, wo die Welt brennt und wir Unabh\u00e4ngigkeit brauchen, will er uns zur\u00fcck in die fossile Steinzeit der Risikotechnologien f\u00fchren. \u2622\ufe0f\u26a0\ufe0f\n\nDoch die Fakten sind klar: Erneuerbare Energien sind die Zukunft! Dank auch Robert Habeck haben wir in nur drei Jahren den Ausbau der Wind- und Solarenergie verdoppelt. 2025 deckten Erneuerbare Energien bereits \u00fcber fast 55 Prozent unseres Strombedarfs \u2013 Freiheitsenergien, die uns unabh\u00e4ngig machen von Putin, Trump und fossilen Diktaturen. Sie sichern unsere Wirtschaft, unseren Frieden, unsere Zukunft \u2013 vor Ort, in den Regionen und in ganz Europa und das klimaneutral! \ud83c\udf0d\ud83c\udf33\ud83c\udf3b\n\nWir gedenken der Opfer von Tschernobyl und Fukushima. Ihr Leid mahnt uns: Atomkraft ist kein Ausweg, sie ist ein Irrweg. Die L\u00f6sung liegt in der Kraft von Sonne, Wind und Wasser \u2013 sicher, sauber, demokratisch! \ud83c\udf1e\ud83c\udf2c\ud83c\udf0a Wer das ignoriert, handelt vors\u00e4tzlich und gef\u00e4hrdet die Zukunft unserer Kinder &amp; Kindeskinder.\n\n#ErneuerbareStattAtom #EnergiewendeJetzt\n\n@gruenefraktionby\" target=\"_blank\" rel=\"noreferrer\" class=\"ft-gallerytwitter-icon\" title=\"Share this post on Twitter\"><i class=\"fa fa-twitter\"><\/i><\/a><a href=\"https:\/\/www.linkedin.com\/shareArticle?mini=true&amp;url=https:\/\/www.instagram.com\/p\/DXlfFMqip-v\/\" target=\"_blank\" rel=\"noreferrer\" class=\"ft-gallerylinkedin-icon\" title=\"Share this post on Linkedin\"><i class=\"fa fa-linkedin\"><\/i><\/a><a href=\"mailto:?subject=Shared Link&amp;body=https:\/\/www.instagram.com\/p\/DXlfFMqip-v\/ - #Atomkraft #NeinDanke #FreiheitsenergienJetzt\n\nVor 40 Jahren Tschernobyl, vor 15 Jahren Fukushima \u2013 zwei Katastrophen, die uns lehren: Atomkraft ist unberechenbar, gef\u00e4hrlich, t\u00f6dlich. Und was macht Markus S\u00f6der? Dreht seine Meinung um 180 Grad \u2013 obwohl er noch 2021 klar sagte: \u201eAtomkraft ist gef\u00e4hrlich, Erneuerbare sind die L\u00f6sung!\u201c. Unverantwortlich! Gerade jetzt, wo die Welt brennt und wir Unabh\u00e4ngigkeit brauchen, will er uns zur\u00fcck in die fossile Steinzeit der Risikotechnologien f\u00fchren. \u2622\ufe0f\u26a0\ufe0f\n\nDoch die Fakten sind klar: Erneuerbare Energien sind die Zukunft! Dank auch Robert Habeck haben wir in nur drei Jahren den Ausbau der Wind- und Solarenergie verdoppelt. 2025 deckten Erneuerbare Energien bereits \u00fcber fast 55 Prozent unseres Strombedarfs \u2013 Freiheitsenergien, die uns unabh\u00e4ngig machen von Putin, Trump und fossilen Diktaturen. Sie sichern unsere Wirtschaft, unseren Frieden, unsere Zukunft \u2013 vor Ort, in den Regionen und in ganz Europa und das klimaneutral! \ud83c\udf0d\ud83c\udf33\ud83c\udf3b\n\nWir gedenken der Opfer von Tschernobyl und Fukushima. Ihr Leid mahnt uns: Atomkraft ist kein Ausweg, sie ist ein Irrweg. Die L\u00f6sung liegt in der Kraft von Sonne, Wind und Wasser \u2013 sicher, sauber, demokratisch! \ud83c\udf1e\ud83c\udf2c\ud83c\udf0a Wer das ignoriert, handelt vors\u00e4tzlich und gef\u00e4hrdet die Zukunft unserer Kinder &amp; Kindeskinder.\n\n#ErneuerbareStattAtom #EnergiewendeJetzt\n\n@gruenefraktionby\" target=\"_blank\" rel=\"noreferrer\" class=\"ft-galleryemail-icon\" title=\"Share this post in your email\"><i class=\"fa fa-envelope\"><\/i><\/a><\/div><\/div>                        <\/div>\n                <\/div>\n                                                <div class=\"slicker-instagram-placeholder fts-instagram-wrapper\" style=\"background-image:url('https:\/\/scontent-fra3-1.cdninstagram.com\/v\/t51.82787-15\/670997585_18373957360164738_4719036355857257849_n.heic?stp=dst-jpg_e35_tt6&#038;_nc_cat=103&#038;ccb=7-5&#038;_nc_sid=18de74&#038;efg=eyJlZmdfdGFnIjoiRkVFRC5iZXN0X2ltYWdlX3VybGdlbi5DMyJ9&#038;_nc_ohc=b5mgw_wZ5EIQ7kNvwFfZ9-o&#038;_nc_oc=AdooO6z1LP31sAAsoL_EnKtHVEfAICpw34kzc2ydtxYz4oJF-1C-Z8L7xK967pcX6QE&#038;_nc_zt=23&#038;_nc_ht=scontent-fra3-1.cdninstagram.com&#038;edm=ANQ71j8EAAAA&#038;_nc_gid=VDOVEcqg38Uli2agk_N34w&#038;_nc_tpa=Q5bMBQEaO7XJfPe-ax7SZFw0S4VRk39PvmBAMs43eQkwRQelYV1lShAk8MK7nmsVcMgEk84jgDgzj7nx&#038;oh=00_Af1_NaNJDEbWBzuRFpo-MChjNo2vr62EwoI4E1jlr6YemA&#038;oe=69F7F48F')\">\n                                            <a href='https:\/\/www.instagram.com\/p\/DXcdDAtircW\/' title='Heute erinnert uns der Tag der Erde daran, wie wertvoll und verletzlich unser Planet ist. \ud83c\udf0d Doch er zeigt auch, wie gro\u00df unsere Verantwortung ist \u2013 gerade jetzt, wo wir vor enormen Herausforderungen stehen.\n\nAm vergangenen Samstag sind tausende Menschen auf die Stra\u00dfe gegangen, haben ihre Stimmen erhoben und klar gemacht: So wie bisher kann es nicht weitergehen. \ud83c\udf3b\n\nDer Weg in eine vertr\u00e4gliche Zukunft f\u00fchrt nur \u00fcber Erneuerbare Energien. Sie sind unsere Chance auf echte Freiheit: unabh\u00e4ngig, nachhaltig und im Einklang mit der Natur. Sonne, Wind und Wasser geben uns die M\u00f6glichkeit, unsere Zukunft selbst zu gestalten. \ud83c\udf1e\ud83c\udf2c\ud83c\udf0a\n\nJetzt ist die Zeit, umzudenken und zu handeln. F\u00fcr uns. F\u00fcr kommende Generationen. F\u00fcr unsere Erde. \u2728\n\n#TagDerErde #EarthDay #Energiewende #ErneuerbareEnergien #Freiheitsenergie\n\n@gruenefraktionby\n\nUmweltteam:\n@laurawebermdl\n@patrickfriedlwue\n@christianhierneis' target=\"_blank\" rel=\"noreferrer\" class='fts-instagram-link-target fts-slicker-backg\n                         fts-instagram-img-link' style=\"height:65px !important; width:65px; line-height:65px; font-size:65px;\"><span class=\"fts-instagram-icon\" style=\"height:65px; width:65px; line-height:65px; font-size:65px;\"><\/span><\/a>\n                        \n                        <div class='slicker-date'>\n\n                            <div class=\"fts-insta-date-popup-grab\">\n                            Mittwoch, April 22nd, 2026 at 7:49p.m.                            <\/div>\n                        <\/div>\n                    <div class='slicker-instaG-backg-link'>\n\n                        <div class='slicker-instaG-photoshadow'><\/div>\n                    <\/div>\n                        <div class=\"fts-insta-likes-comments-grab-popup\">\n\n                            <div class=\"fts-share-wrap\"><a href=\"javascript:;\" class=\"ft-gallery-link-popup\" title=\"Social-Share-Optionen\"><\/a><div class=\"ft-gallery-share-wrap\"><a href=\"https:\/\/www.facebook.com\/sharer\/sharer.php?u=https:\/\/www.instagram.com\/p\/DXcdDAtircW\/\" target=\"_blank\" rel=\"noreferrer\" class=\"ft-galleryfacebook-icon\" title=\"Share this post on Facebook\"><i class=\"fa fa-facebook-square\"><\/i><\/a><a href=\"https:\/\/twitter.com\/intent\/tweet?text=https:\/\/www.instagram.com\/p\/DXcdDAtircW\/+Heute erinnert uns der Tag der Erde daran, wie wertvoll und verletzlich unser Planet ist. \ud83c\udf0d Doch er zeigt auch, wie gro\u00df unsere Verantwortung ist \u2013 gerade jetzt, wo wir vor enormen Herausforderungen stehen.\n\nAm vergangenen Samstag sind tausende Menschen auf die Stra\u00dfe gegangen, haben ihre Stimmen erhoben und klar gemacht: So wie bisher kann es nicht weitergehen. \ud83c\udf3b\n\nDer Weg in eine vertr\u00e4gliche Zukunft f\u00fchrt nur \u00fcber Erneuerbare Energien. Sie sind unsere Chance auf echte Freiheit: unabh\u00e4ngig, nachhaltig und im Einklang mit der Natur. Sonne, Wind und Wasser geben uns die M\u00f6glichkeit, unsere Zukunft selbst zu gestalten. \ud83c\udf1e\ud83c\udf2c\ud83c\udf0a\n\nJetzt ist die Zeit, umzudenken und zu handeln. F\u00fcr uns. F\u00fcr kommende Generationen. F\u00fcr unsere Erde. \u2728\n\n#TagDerErde #EarthDay #Energiewende #ErneuerbareEnergien #Freiheitsenergie\n\n@gruenefraktionby\n\nUmweltteam:\n@laurawebermdl\n@patrickfriedlwue\n@christianhierneis\" target=\"_blank\" rel=\"noreferrer\" class=\"ft-gallerytwitter-icon\" title=\"Share this post on Twitter\"><i class=\"fa fa-twitter\"><\/i><\/a><a href=\"https:\/\/www.linkedin.com\/shareArticle?mini=true&amp;url=https:\/\/www.instagram.com\/p\/DXcdDAtircW\/\" target=\"_blank\" rel=\"noreferrer\" class=\"ft-gallerylinkedin-icon\" title=\"Share this post on Linkedin\"><i class=\"fa fa-linkedin\"><\/i><\/a><a href=\"mailto:?subject=Shared Link&amp;body=https:\/\/www.instagram.com\/p\/DXcdDAtircW\/ - Heute erinnert uns der Tag der Erde daran, wie wertvoll und verletzlich unser Planet ist. \ud83c\udf0d Doch er zeigt auch, wie gro\u00df unsere Verantwortung ist \u2013 gerade jetzt, wo wir vor enormen Herausforderungen stehen.\n\nAm vergangenen Samstag sind tausende Menschen auf die Stra\u00dfe gegangen, haben ihre Stimmen erhoben und klar gemacht: So wie bisher kann es nicht weitergehen. \ud83c\udf3b\n\nDer Weg in eine vertr\u00e4gliche Zukunft f\u00fchrt nur \u00fcber Erneuerbare Energien. Sie sind unsere Chance auf echte Freiheit: unabh\u00e4ngig, nachhaltig und im Einklang mit der Natur. Sonne, Wind und Wasser geben uns die M\u00f6glichkeit, unsere Zukunft selbst zu gestalten. \ud83c\udf1e\ud83c\udf2c\ud83c\udf0a\n\nJetzt ist die Zeit, umzudenken und zu handeln. F\u00fcr uns. F\u00fcr kommende Generationen. F\u00fcr unsere Erde. \u2728\n\n#TagDerErde #EarthDay #Energiewende #ErneuerbareEnergien #Freiheitsenergie\n\n@gruenefraktionby\n\nUmweltteam:\n@laurawebermdl\n@patrickfriedlwue\n@christianhierneis\" target=\"_blank\" rel=\"noreferrer\" class=\"ft-galleryemail-icon\" title=\"Share this post in your email\"><i class=\"fa fa-envelope\"><\/i><\/a><\/div><\/div>                        <\/div>\n                <\/div>\n                                                <div class=\"slicker-instagram-placeholder fts-instagram-wrapper\" style=\"background-image:url('https:\/\/scontent-fra3-1.cdninstagram.com\/v\/t51.82787-15\/657397476_18372850510164738_2235529311254481374_n.heic?stp=dst-jpg_e35_tt6&#038;_nc_cat=105&#038;ccb=7-5&#038;_nc_sid=18de74&#038;efg=eyJlZmdfdGFnIjoiRkVFRC5iZXN0X2ltYWdlX3VybGdlbi5DMyJ9&#038;_nc_ohc=xv3ExnRnj40Q7kNvwHEMuJQ&#038;_nc_oc=AdpWk-jL-RvvOz4OuDd3ciKXDNk-EpEt8IjMGl0aZQZ1sprLM1SRkkqRwRpRQMpUKBE&#038;_nc_zt=23&#038;_nc_ht=scontent-fra3-1.cdninstagram.com&#038;edm=ANQ71j8EAAAA&#038;_nc_gid=Qdmk39OuiwV8ixSicyuZAA&#038;_nc_tpa=Q5bMBQGDFU3-U9PBLwyGeo83RB1_RMkKvfXNnGP-Zo93xHeIkB1cUo7_jO4kozdE3fqEXtCiYfd86skU&#038;oh=00_Af0QfM97HREwYfbPkgm24UVeyYQUj-Cwvtw56PIJ1zAWRA&#038;oe=69F7E978')\">\n                                            <a href='https:\/\/www.instagram.com\/p\/DXDLad3CjJ-\/' title='Gl\u00fcckwunsch Ungarn - Gl\u00fcckwunsch Europa! Das demokratische Europa lebt. Danke! \ud83e\udd1d\ud83c\udf0d\ud83d\udcaf\n\n#Ungarn #Europa #europe\n#Europ\u00e4ischeUnion\n#Demokratie' target=\"_blank\" rel=\"noreferrer\" class='fts-instagram-link-target fts-slicker-backg\n                         fts-instagram-img-link' style=\"height:65px !important; width:65px; line-height:65px; font-size:65px;\"><span class=\"fts-instagram-icon\" style=\"height:65px; width:65px; line-height:65px; font-size:65px;\"><\/span><\/a>\n                        \n                        <div class='slicker-date'>\n\n                            <div class=\"fts-insta-date-popup-grab\">\n                            Montag, April 13th, 2026 at 12:14a.m.                            <\/div>\n                        <\/div>\n                    <div class='slicker-instaG-backg-link'>\n\n                        <div class='slicker-instaG-photoshadow'><\/div>\n                    <\/div>\n                        <div class=\"fts-insta-likes-comments-grab-popup\">\n\n                            <div class=\"fts-share-wrap\"><a href=\"javascript:;\" class=\"ft-gallery-link-popup\" title=\"Social-Share-Optionen\"><\/a><div class=\"ft-gallery-share-wrap\"><a href=\"https:\/\/www.facebook.com\/sharer\/sharer.php?u=https:\/\/www.instagram.com\/p\/DXDLad3CjJ-\/\" target=\"_blank\" rel=\"noreferrer\" class=\"ft-galleryfacebook-icon\" title=\"Share this post on Facebook\"><i class=\"fa fa-facebook-square\"><\/i><\/a><a href=\"https:\/\/twitter.com\/intent\/tweet?text=https:\/\/www.instagram.com\/p\/DXDLad3CjJ-\/+Gl\u00fcckwunsch Ungarn - Gl\u00fcckwunsch Europa! Das demokratische Europa lebt. Danke! \ud83e\udd1d\ud83c\udf0d\ud83d\udcaf\n\n#Ungarn #Europa #europe\n#Europ\u00e4ischeUnion\n#Demokratie\" target=\"_blank\" rel=\"noreferrer\" class=\"ft-gallerytwitter-icon\" title=\"Share this post on Twitter\"><i class=\"fa fa-twitter\"><\/i><\/a><a href=\"https:\/\/www.linkedin.com\/shareArticle?mini=true&amp;url=https:\/\/www.instagram.com\/p\/DXDLad3CjJ-\/\" target=\"_blank\" rel=\"noreferrer\" class=\"ft-gallerylinkedin-icon\" title=\"Share this post on Linkedin\"><i class=\"fa fa-linkedin\"><\/i><\/a><a href=\"mailto:?subject=Shared Link&amp;body=https:\/\/www.instagram.com\/p\/DXDLad3CjJ-\/ - Gl\u00fcckwunsch Ungarn - Gl\u00fcckwunsch Europa! Das demokratische Europa lebt. Danke! \ud83e\udd1d\ud83c\udf0d\ud83d\udcaf\n\n#Ungarn #Europa #europe\n#Europ\u00e4ischeUnion\n#Demokratie\" target=\"_blank\" rel=\"noreferrer\" class=\"ft-galleryemail-icon\" title=\"Share this post in your email\"><i class=\"fa fa-envelope\"><\/i><\/a><\/div><\/div>                        <\/div>\n                <\/div>\n                                                <div class=\"slicker-instagram-placeholder fts-instagram-wrapper\" style=\"background-image:url('https:\/\/scontent-fra3-1.cdninstagram.com\/v\/t51.82787-15\/657318715_18370512160164738_4066834272301376185_n.heic?stp=dst-jpg_e35_tt6&#038;_nc_cat=105&#038;ccb=7-5&#038;_nc_sid=18de74&#038;efg=eyJlZmdfdGFnIjoiQ0FST1VTRUxfSVRFTS5iZXN0X2ltYWdlX3VybGdlbi5DMyJ9&#038;_nc_ohc=RAtXudHzMTEQ7kNvwEIt8UJ&#038;_nc_oc=AdqTPewrpM98JVuAH7BxtadVIBlW3Sy4n7SYCUjx5t0yVUtR7xvEeX0DfjpOcMbDm64&#038;_nc_zt=23&#038;_nc_ht=scontent-fra3-1.cdninstagram.com&#038;edm=ANQ71j8EAAAA&#038;_nc_gid=vmhMILE8zUrIyCFDjhN89w&#038;_nc_tpa=Q5bMBQFhsqS-ZvOJY0vtnpFuyyNhCLInur6_A0l1ErnNY_dSQahW3frdD0JMAup_i78KrEtb49IO1nRS&#038;oh=00_Af3vDT5cQ6gk3msKNGJ8RBhPFwN8Rv2zZl0Xcpll2lw6wA&#038;oe=69F7E9AF')\">\n                                            <a href='https:\/\/www.instagram.com\/p\/DWoHA1pilYr\/' title='\ud83c\udf31\u2728 Erst Baden-W\u00fcrttemberg, dann M\u00fcnchen, weiter ins Vereinigte K\u00f6nigreich \u2013 und jetzt auch D\u00e4nemark: Europa wird Schritt f\u00fcr Schritt gr\u00fcner!\n\nWas lange wie kleine Erfolge aussah, w\u00e4chst gerade zu etwas Gr\u00f6\u00dferem. Immer mehr Orte entscheiden sich f\u00fcr eine nachhaltige, gerechte und zukunftsorientierte Politik und setzen ein starkes Zeichen \u00fcber Grenzen hinweg. \ud83c\udf33\ud83c\udf0d\n\nEuropa wird gr\u00fcner. Und das macht Hoffnung. \ud83d\udc9a\n\n#Europa #Gr\u00fcn #Wandel #Zukunft #Gemeinsam' target=\"_blank\" rel=\"noreferrer\" class='fts-child-media fts-instagram-link-target fts-slicker-backg\n                         fts-instagram-img-link' style=\"height:65px !important; width:65px; line-height:65px; font-size:65px;\"><span class=\"fts-instagram-icon\" style=\"height:65px; width:65px; line-height:65px; font-size:65px;\"><\/span><\/a>\n                                                    <div class=\"fts-carousel-image-wrapper\"><div class=\"fts-carousel-image\" ><\/div><\/div>\n                                                            <a href='' title='\ud83c\udf31\u2728 Erst Baden-W\u00fcrttemberg, dann M\u00fcnchen, weiter ins Vereinigte K\u00f6nigreich \u2013 und jetzt auch D\u00e4nemark: Europa wird Schritt f\u00fcr Schritt gr\u00fcner!\n\nWas lange wie kleine Erfolge aussah, w\u00e4chst gerade zu etwas Gr\u00f6\u00dferem. Immer mehr Orte entscheiden sich f\u00fcr eine nachhaltige, gerechte und zukunftsorientierte Politik und setzen ein starkes Zeichen \u00fcber Grenzen hinweg. \ud83c\udf33\ud83c\udf0d\n\nEuropa wird gr\u00fcner. Und das macht Hoffnung. \ud83d\udc9a\n\n#Europa #Gr\u00fcn #Wandel #Zukunft #Gemeinsam' target=\"_blank\" rel=\"noreferrer\" class='fts-child-media fts-child-media-hide fts-instagram-link-target fts-slicker-backg\n                                                                     fts-instagram-img-link'><\/a>\n                                                                <a href='' title='\ud83c\udf31\u2728 Erst Baden-W\u00fcrttemberg, dann M\u00fcnchen, weiter ins Vereinigte K\u00f6nigreich \u2013 und jetzt auch D\u00e4nemark: Europa wird Schritt f\u00fcr Schritt gr\u00fcner!\n\nWas lange wie kleine Erfolge aussah, w\u00e4chst gerade zu etwas Gr\u00f6\u00dferem. Immer mehr Orte entscheiden sich f\u00fcr eine nachhaltige, gerechte und zukunftsorientierte Politik und setzen ein starkes Zeichen \u00fcber Grenzen hinweg. \ud83c\udf33\ud83c\udf0d\n\nEuropa wird gr\u00fcner. Und das macht Hoffnung. \ud83d\udc9a\n\n#Europa #Gr\u00fcn #Wandel #Zukunft #Gemeinsam' target=\"_blank\" rel=\"noreferrer\" class='fts-child-media fts-child-media-hide fts-instagram-link-target fts-slicker-backg\n                                                                     fts-instagram-img-link'><\/a>\n                                                                <a href='' title='\ud83c\udf31\u2728 Erst Baden-W\u00fcrttemberg, dann M\u00fcnchen, weiter ins Vereinigte K\u00f6nigreich \u2013 und jetzt auch D\u00e4nemark: Europa wird Schritt f\u00fcr Schritt gr\u00fcner!\n\nWas lange wie kleine Erfolge aussah, w\u00e4chst gerade zu etwas Gr\u00f6\u00dferem. Immer mehr Orte entscheiden sich f\u00fcr eine nachhaltige, gerechte und zukunftsorientierte Politik und setzen ein starkes Zeichen \u00fcber Grenzen hinweg. \ud83c\udf33\ud83c\udf0d\n\nEuropa wird gr\u00fcner. Und das macht Hoffnung. \ud83d\udc9a\n\n#Europa #Gr\u00fcn #Wandel #Zukunft #Gemeinsam' target=\"_blank\" rel=\"noreferrer\" class='fts-child-media fts-child-media-hide fts-instagram-link-target fts-slicker-backg\n                                                                     fts-instagram-img-link'><\/a>\n                                                                <a href='' title='\ud83c\udf31\u2728 Erst Baden-W\u00fcrttemberg, dann M\u00fcnchen, weiter ins Vereinigte K\u00f6nigreich \u2013 und jetzt auch D\u00e4nemark: Europa wird Schritt f\u00fcr Schritt gr\u00fcner!\n\nWas lange wie kleine Erfolge aussah, w\u00e4chst gerade zu etwas Gr\u00f6\u00dferem. Immer mehr Orte entscheiden sich f\u00fcr eine nachhaltige, gerechte und zukunftsorientierte Politik und setzen ein starkes Zeichen \u00fcber Grenzen hinweg. \ud83c\udf33\ud83c\udf0d\n\nEuropa wird gr\u00fcner. Und das macht Hoffnung. \ud83d\udc9a\n\n#Europa #Gr\u00fcn #Wandel #Zukunft #Gemeinsam' target=\"_blank\" rel=\"noreferrer\" class='fts-child-media fts-child-media-hide fts-instagram-link-target fts-slicker-backg\n                                                                     fts-instagram-img-link'><\/a>\n                                \n                        <div class='slicker-date'>\n\n                            <div class=\"fts-insta-date-popup-grab\">\n                            Donnerstag, April 2nd, 2026 at 11:56a.m.                            <\/div>\n                        <\/div>\n                    <div class='slicker-instaG-backg-link'>\n\n                        <div class='slicker-instaG-photoshadow'><\/div>\n                    <\/div>\n                        <div class=\"fts-insta-likes-comments-grab-popup\">\n\n                            <div class=\"fts-share-wrap\"><a href=\"javascript:;\" class=\"ft-gallery-link-popup\" title=\"Social-Share-Optionen\"><\/a><div class=\"ft-gallery-share-wrap\"><a href=\"https:\/\/www.facebook.com\/sharer\/sharer.php?u=https:\/\/www.instagram.com\/p\/DWoHA1pilYr\/\" target=\"_blank\" rel=\"noreferrer\" class=\"ft-galleryfacebook-icon\" title=\"Share this post on Facebook\"><i class=\"fa fa-facebook-square\"><\/i><\/a><a href=\"https:\/\/twitter.com\/intent\/tweet?text=https:\/\/www.instagram.com\/p\/DWoHA1pilYr\/+\ud83c\udf31\u2728 Erst Baden-W\u00fcrttemberg, dann M\u00fcnchen, weiter ins Vereinigte K\u00f6nigreich \u2013 und jetzt auch D\u00e4nemark: Europa wird Schritt f\u00fcr Schritt gr\u00fcner!\n\nWas lange wie kleine Erfolge aussah, w\u00e4chst gerade zu etwas Gr\u00f6\u00dferem. Immer mehr Orte entscheiden sich f\u00fcr eine nachhaltige, gerechte und zukunftsorientierte Politik und setzen ein starkes Zeichen \u00fcber Grenzen hinweg. \ud83c\udf33\ud83c\udf0d\n\nEuropa wird gr\u00fcner. Und das macht Hoffnung. \ud83d\udc9a\n\n#Europa #Gr\u00fcn #Wandel #Zukunft #Gemeinsam\" target=\"_blank\" rel=\"noreferrer\" class=\"ft-gallerytwitter-icon\" title=\"Share this post on Twitter\"><i class=\"fa fa-twitter\"><\/i><\/a><a href=\"https:\/\/www.linkedin.com\/shareArticle?mini=true&amp;url=https:\/\/www.instagram.com\/p\/DWoHA1pilYr\/\" target=\"_blank\" rel=\"noreferrer\" class=\"ft-gallerylinkedin-icon\" title=\"Share this post on Linkedin\"><i class=\"fa fa-linkedin\"><\/i><\/a><a href=\"mailto:?subject=Shared Link&amp;body=https:\/\/www.instagram.com\/p\/DWoHA1pilYr\/ - \ud83c\udf31\u2728 Erst Baden-W\u00fcrttemberg, dann M\u00fcnchen, weiter ins Vereinigte K\u00f6nigreich \u2013 und jetzt auch D\u00e4nemark: Europa wird Schritt f\u00fcr Schritt gr\u00fcner!\n\nWas lange wie kleine Erfolge aussah, w\u00e4chst gerade zu etwas Gr\u00f6\u00dferem. Immer mehr Orte entscheiden sich f\u00fcr eine nachhaltige, gerechte und zukunftsorientierte Politik und setzen ein starkes Zeichen \u00fcber Grenzen hinweg. \ud83c\udf33\ud83c\udf0d\n\nEuropa wird gr\u00fcner. Und das macht Hoffnung. \ud83d\udc9a\n\n#Europa #Gr\u00fcn #Wandel #Zukunft #Gemeinsam\" target=\"_blank\" rel=\"noreferrer\" class=\"ft-galleryemail-icon\" title=\"Share this post in your email\"><i class=\"fa fa-envelope\"><\/i><\/a><\/div><\/div>                        <\/div>\n                <\/div>\n                    <\/div>                        <div class=\"instagram-social-btn-bottom\"><a href=\"https:\/\/instagram.com\/patrickfriedlwue\/\" target=\"_blank\" rel=\"noreferrer\">Follow on Instagram<\/a><\/div>                <script>\n                    \/\/ This needs to load here below the feed to load properly for\n                    \/\/ Elementor page preview, and also some types of tabs that use js to load.\n                    document.addEventListener(\"DOMContentLoaded\", function(event) {\n                        if (typeof slickremixImageResizing === 'function') {\n                            slickremixImageResizing();\n                        }\n                        if (typeof ftsShare === 'function') {\n                            ftsShare();\n                        }\n                    });\n                <\/script>\n                \n\n\n\n<pre class=\"wp-block-code\"><code><\/code><\/pre>\n\n\n<div class=\"wp-block-post-date__modified-date wp-block-post-date\"><time datetime=\"2025-03-19T15:03:41+00:00\">19 M\u00e4rz 2025<\/time><\/div>","protected":false},"excerpt":{"rendered":"<p>HerzlichWillkommen bei Patrick Friedl, MdL Vielen Dank allen W\u00e4hlerinnen und W\u00e4hlern in W\u00fcrzburg, Gerbrunn, Rottendorf und im gesamten Wahlkreis Unterfranken. Ich freue mich sehr, dass ich die Anliegen und Interessen [&hellip;]<\/p>\n","protected":false},"author":1,"featured_media":0,"parent":0,"menu_order":0,"comment_status":"closed","ping_status":"closed","template":"","meta":{"footnotes":""},"class_list":["post-897","page","type-page","status-publish","hentry"],"_links":{"self":[{"href":"https:\/\/patrick-friedl.de\/wps\/wp-json\/wp\/v2\/pages\/897","targetHints":{"allow":["GET"]}}],"collection":[{"href":"https:\/\/patrick-friedl.de\/wps\/wp-json\/wp\/v2\/pages"}],"about":[{"href":"https:\/\/patrick-friedl.de\/wps\/wp-json\/wp\/v2\/types\/page"}],"author":[{"embeddable":true,"href":"https:\/\/patrick-friedl.de\/wps\/wp-json\/wp\/v2\/users\/1"}],"replies":[{"embeddable":true,"href":"https:\/\/patrick-friedl.de\/wps\/wp-json\/wp\/v2\/comments?post=897"}],"version-history":[{"count":80,"href":"https:\/\/patrick-friedl.de\/wps\/wp-json\/wp\/v2\/pages\/897\/revisions"}],"predecessor-version":[{"id":1968,"href":"https:\/\/patrick-friedl.de\/wps\/wp-json\/wp\/v2\/pages\/897\/revisions\/1968"}],"wp:attachment":[{"href":"https:\/\/patrick-friedl.de\/wps\/wp-json\/wp\/v2\/media?parent=897"}],"curies":[{"name":"wp","href":"https:\/\/api.w.org\/{rel}","templated":true}]}}